{"id":14,"date":"2017-02-08T14:41:00","date_gmt":"2017-02-08T13:41:00","guid":{"rendered":"https:\/\/www.campingdeletangdupuy.com\/?page_id=14"},"modified":"2022-11-12T11:16:48","modified_gmt":"2022-11-12T10:16:48","slug":"accommodation","status":"publish","type":"page","link":"https:\/\/www.campingdeletangdupuy.com\/en\/hebergements\/","title":{"rendered":"Accommodation"},"content":{"rendered":"<p>Venez d\u00e9couvrir nos h\u00e9bergements atypiques \u00e0 quelques kilom\u00e8tres du non moins insolite parc du Puy du Fou !<\/p>\n<ul>\n<li>Pour la plupart de nos h\u00e9bergements (sauf barrel, camp\u00e9toile et Fab) : possibilit\u00e9 d\u2019installer une tente (max. 2 pers.) \u00e0 c\u00f4t\u00e9 de votre locatif (10 \u20ac par personne suppl\u00e9mentaire)<\/li>\n<li><strong>Il n\u2019est pas possible d\u2019arriver le matin<\/strong>. Si vous passez la journ\u00e9e au Puy du fou, sachez que vous pouvez ressortir du Parc quand vous le souhaitez afin de vous installer tranquillement et de retourner voir le spectacle nocturne ensuite.<\/li>\n<li>Les v\u00e9hicules ne peuvent stationner \u00e0 c\u00f4t\u00e9 de votre h\u00e9bergement pour des raisons de s\u00e9curit\u00e9 et de conforts visuel et sonore, mais sur nos diff\u00e9rents parkings int\u00e9rieurs, exception faite bien \u00e9videmment des vans am\u00e9nag\u00e9s et camping-cars qui ont des emplacements d\u00e9di\u00e9s.<\/li>\n<\/ul>\n\r\n\r\n\r\n<div class=\"row\">\r\n\r\n\r\n<div class=\"col-md-12 col-lg-6\">\r\n\r\n\r\n\r\n\t<article class=\"multiple-item\">\r\n\r\n\t<a href=\"https:\/\/www.campingdeletangdupuy.com\/en\/hebergement\/tente-victoria\/\">\r\n\r\n\t<div class=\"row\">\r\n\r\n\r\n\r\n\t\t<div class=\"col-sm-12 multiple-item-head\">\r\n\r\n\r\n\r\n\t\t\t<h2 class=\"multiple-item-titre\">Tente VICTORIA<\/h2>\r\n\r\n\r\n\r\n\t\t\t\r\n\t\t\t\t<div class=\"multiple-item-nbpersonnes\">\r\n\r\n\t\t\t\t\t<span class=\"val\">1 \u00e0 5<\/span>&nbsp;\r\n\r\n\t\t\t\t\t<span class=\"lbl\">personnes<\/span>\r\n\r\n\t\t\t\t\t<img decoding=\"async\" src=\"https:\/\/www.campingdeletangdupuy.com\/wp-content\/themes\/etangpuy\/assets\/img\/nbpers.png\" alt=\"\">\r\n\r\n\t\t\t\t<\/div>\r\n\r\n\t\t\t\r\n\t\t\t\r\n\r\n\t\t\t\r\n\t\t\t\t\r\n\t\t\t\t<div class=\"multiple-item-nbchambres\">\r\n\r\n\t\t\t\t\t<span class=\"val\">2<\/span>&nbsp;\r\n\r\n\t\t\t\t\t<span class=\"lbl\">chambres<\/span>\r\n\r\n\t\t\t\t<\/div>\r\n\r\n\t\t\t\r\n\r\n\r\n\t\t<\/div>\r\n\r\n\t\t\r\n\r\n\t\t<div class=\"col-sm-6 multiple-item-photo\">\r\n\r\n\t\t\t<img decoding=\"async\" src=\"https:\/\/www.campingdeletangdupuy.com\/wp-content\/uploads\/2017\/02\/tente-victoria-1024x575.jpg\" alt=\"Tente VICTORIA\">\r\n\r\n\t\t\t<div class=\"multiple-item-arrow\"><\/div>\r\n\r\n\t\t<\/div>\r\n\r\n\r\n\r\n\t\t<div class=\"col-sm-6 multiple-item-desc\">\r\n\r\n\t\t\t\r\n\r\n\t\t\t<div class=\"multiple-item-description\"><p>\u00c9quipement : plaques de cuisson au gaz, r\u00e9frig\u00e9rateur, vaisselle compl\u00e8te, cafeti\u00e8re \u00e0 filtre, micro-ondes, 1 chambre avec un lit double 140\u00d7200, 1 chambre avec lit double 140\u00d7200 et lit superpos\u00e9 80\u00d7200, couettes et oreillers (draps non fournis) \u00e9lectricit\u00e9.<\/p>\n<\/div>\r\n\r\n\r\n\r\n\t\t\t\r\n\t\t\t<div class=\"multiple-item-surface\">\r\n\r\n\t\t\t\t<span class=\"lbl\">Surface&nbsp;:<\/span>&nbsp;\r\n\r\n\t\t\t\t<span class=\"val\">35 m\u00b2 avec terrasse et plancher bois.&nbsp;m\u00b2<\/span>\r\n\r\n\t\t\t<\/div>\r\n\r\n\t\t\t\r\n\r\n\r\n\t\t<\/div>\r\n\r\n\r\n\r\n\t\t<div class=\"col-sm-12 multiple-item-foot\">\r\n\r\n\r\n\r\n\t\t\t<div class=\"multiple-item-tarifs\"><div class=\"table-responsive\">\r\n<div class=\"table-responsive\">\r\n<table class=\"table fiche \">\r\n<thead>\r\n<tr>\r\n<th>Tarifs pour 5 pers.<\/th>\r\n<th>Avril<\/th>\r\n<th>Mai\/juin<\/th>\r\n<th>Juillet\/Ao\u00fbt<\/th>\r\n<th>Septembre<\/th>\r\n<\/tr>\r\n<\/thead>\r\n<tbody>\r\n<tr>\r\n<td>Nuit\u00e9e semaine<\/td>\r\n<td>53 \u20ac<\/td>\r\n<td>53\u20ac<\/td>\r\n<td>67\u20ac<\/td>\r\n<td>53\u20ac<\/td>\r\n<\/tr>\r\n<tr>\r\n<td>Nuit\u00e9e week-end (vendredi et samedi) et Ascension<\/td>\r\n<td>60\u20ac<\/td>\r\n<td>60\u20ac<\/td>\r\n<td>73\u20ac<\/td>\r\n<td>60\u20ac<\/td>\r\n<\/tr>\r\n<tr>\r\n<td>Semaine<\/td>\r\n<td>320\u20ac<\/td>\r\n<td>320\u20ac<\/td>\r\n<td>405\u20ac<\/td>\r\n<td>320\u20ac<\/td>\r\n<\/tr>\r\n<tr>\r\n<td colspan=\"5\">Personne suppl\u00e9mentaire (ajout d'une tente personnelle, max 2 pers.) : 10\u20ac<\/td>\r\n<\/tr>\r\n<\/tbody>\r\n<\/table>\r\n<\/div>\r\n<\/div><\/div>\r\n\r\n\t\t\t\r\n\r\n\t\t\t<div class=\"btn btn-plus\">\r\n\r\n\t\t\t\tEn savoir +\r\n\t\t\t<\/div>\r\n\r\n\r\n\r\n\t\t<\/div>\r\n\r\n\r\n\r\n\t<\/div>\r\n\r\n\t<\/a>\r\n\r\n\t<\/article>\r\n\r\n\r\n\r\n<\/div>\r\n\r\n\r\n\r\n\r\n\r\n\r\n\r\n\r\n\r\n<div class=\"col-md-12 col-lg-6\">\r\n\r\n\r\n\r\n\t<article class=\"multiple-item\">\r\n\r\n\t<a href=\"https:\/\/www.campingdeletangdupuy.com\/en\/hebergement\/tente-safari\/\">\r\n\r\n\t<div class=\"row\">\r\n\r\n\r\n\r\n\t\t<div class=\"col-sm-12 multiple-item-head\">\r\n\r\n\r\n\r\n\t\t\t<h2 class=\"multiple-item-titre\">Tente SAFARI<\/h2>\r\n\r\n\r\n\r\n\t\t\t\r\n\t\t\t\t<div class=\"multiple-item-nbpersonnes\">\r\n\r\n\t\t\t\t\t<span class=\"val\">1\/4<\/span>&nbsp;\r\n\r\n\t\t\t\t\t<span class=\"lbl\">personnes<\/span>\r\n\r\n\t\t\t\t\t<img decoding=\"async\" src=\"https:\/\/www.campingdeletangdupuy.com\/wp-content\/themes\/etangpuy\/assets\/img\/nbpers.png\" alt=\"\">\r\n\r\n\t\t\t\t<\/div>\r\n\r\n\t\t\t\r\n\t\t\t\r\n\r\n\t\t\t\r\n\t\t\t\t\r\n\t\t\t\t<div class=\"multiple-item-nbchambres\">\r\n\r\n\t\t\t\t\t<span class=\"val\">2<\/span>&nbsp;\r\n\r\n\t\t\t\t\t<span class=\"lbl\">chambres<\/span>\r\n\r\n\t\t\t\t<\/div>\r\n\r\n\t\t\t\r\n\r\n\r\n\t\t<\/div>\r\n\r\n\t\t\r\n\r\n\t\t<div class=\"col-sm-6 multiple-item-photo\">\r\n\r\n\t\t\t<img decoding=\"async\" src=\"https:\/\/www.campingdeletangdupuy.com\/wp-content\/uploads\/2025\/04\/20250422_154447-1024x617.jpg\" alt=\"Tente SAFARI\">\r\n\r\n\t\t\t<div class=\"multiple-item-arrow\"><\/div>\r\n\r\n\t\t<\/div>\r\n\r\n\r\n\r\n\t\t<div class=\"col-sm-6 multiple-item-desc\">\r\n\r\n\t\t\t\r\n\r\n\t\t\t<div class=\"multiple-item-description\"><p>NOUVEAUTE 2025! Tente lodge toile et bois sans sanitaires avec cuisine \u00e9quip\u00e9e, deux chambres de deux personnes (1 lit double 140&#215;200 et deux lits simples 70&#215;190) Draps non fournis. Couettes et oreillers fournis. R\u00e9frig\u00e9rateur, plaques de gaz, micro-ondes, cafeti\u00e8re \u00e0 filtre, vaisselle pour 4 personnes.<\/p>\n<\/div>\r\n\r\n\r\n\r\n\t\t\t\r\n\t\t\t<div class=\"multiple-item-surface\">\r\n\r\n\t\t\t\t<span class=\"lbl\">Surface&nbsp;:<\/span>&nbsp;\r\n\r\n\t\t\t\t<span class=\"val\">25&nbsp;m\u00b2<\/span>\r\n\r\n\t\t\t<\/div>\r\n\r\n\t\t\t\r\n\r\n\r\n\t\t<\/div>\r\n\r\n\r\n\r\n\t\t<div class=\"col-sm-12 multiple-item-foot\">\r\n\r\n\r\n\r\n\t\t\t<div class=\"multiple-item-tarifs\"><div class=\"table-responsive\">\r\n<div class=\"table-responsive\">\r\n<table class=\"table fiche \">\r\n<thead>\r\n<tr>\r\n<th>Tarifs pour 4 pers.<\/th>\r\n<th>Avril<\/th>\r\n<th>Mai\/juin<\/th>\r\n<th>Juillet\/Ao\u00fbt<\/th>\r\n<th>Septembre<\/th>\r\n<\/tr>\r\n<\/thead>\r\n<tbody>\r\n<tr>\r\n<td>Nuit\u00e9e semaine<\/td>\r\n<td>53 \u20ac<\/td>\r\n<td>53\u20ac<\/td>\r\n<td>67\u20ac<\/td>\r\n<td>53\u20ac<\/td>\r\n<\/tr>\r\n<tr>\r\n<td>Nuit\u00e9e week-end (vendredi et samedi)+ Ascension<\/td>\r\n<td>60\u20ac<\/td>\r\n<td>60\u20ac<\/td>\r\n<td>73\u20ac<\/td>\r\n<td>60\u20ac<\/td>\r\n<\/tr>\r\n<tr>\r\n<td>Semaine<\/td>\r\n<td>320\u20ac<\/td>\r\n<td>320\u20ac<\/td>\r\n<td>405\u20ac<\/td>\r\n<td>320\u20ac<\/td>\r\n<\/tr>\r\n<tr>\r\n<td colspan=\"5\">Personne suppl\u00e9mentaire (ajout d'une tente personnelle, max 2 pers.) : 10\u20ac<\/td>\r\n<\/tr>\r\n<\/tbody>\r\n<\/table>\r\n<\/div>\r\n<\/div><\/div>\r\n\r\n\t\t\t\r\n\r\n\t\t\t<div class=\"btn btn-plus\">\r\n\r\n\t\t\t\tEn savoir +\r\n\t\t\t<\/div>\r\n\r\n\r\n\r\n\t\t<\/div>\r\n\r\n\r\n\r\n\t<\/div>\r\n\r\n\t<\/a>\r\n\r\n\t<\/article>\r\n\r\n\r\n\r\n<\/div>\r\n\r\n\r\n\r\n\r\n\r\n\r\n\r\n\r\n\r\n<div class=\"col-md-12 col-lg-6\">\r\n\r\n\r\n\r\n\t<article class=\"multiple-item\">\r\n\r\n\t<a href=\"https:\/\/www.campingdeletangdupuy.com\/en\/hebergement\/tente-mayotte\/\">\r\n\r\n\t<div class=\"row\">\r\n\r\n\r\n\r\n\t\t<div class=\"col-sm-12 multiple-item-head\">\r\n\r\n\r\n\r\n\t\t\t<h2 class=\"multiple-item-titre\">Tente MAYOTTE<\/h2>\r\n\r\n\r\n\r\n\t\t\t\r\n\t\t\t\t<div class=\"multiple-item-nbpersonnes\">\r\n\r\n\t\t\t\t\t<span class=\"val\">1 \u00e0 4<\/span>&nbsp;\r\n\r\n\t\t\t\t\t<span class=\"lbl\">personnes<\/span>\r\n\r\n\t\t\t\t\t<img decoding=\"async\" src=\"https:\/\/www.campingdeletangdupuy.com\/wp-content\/themes\/etangpuy\/assets\/img\/nbpers.png\" alt=\"\">\r\n\r\n\t\t\t\t<\/div>\r\n\r\n\t\t\t\r\n\t\t\t\r\n\r\n\t\t\t\r\n\t\t\t\t\r\n\t\t\t\t<div class=\"multiple-item-nbchambres\">\r\n\r\n\t\t\t\t\t<span class=\"val\">2<\/span>&nbsp;\r\n\r\n\t\t\t\t\t<span class=\"lbl\">chambres<\/span>\r\n\r\n\t\t\t\t<\/div>\r\n\r\n\t\t\t\r\n\r\n\r\n\t\t<\/div>\r\n\r\n\t\t\r\n\r\n\t\t<div class=\"col-sm-6 multiple-item-photo\">\r\n\r\n\t\t\t<img decoding=\"async\" src=\"https:\/\/www.campingdeletangdupuy.com\/wp-content\/uploads\/2017\/02\/Mayotte.jpg\" alt=\"Tente MAYOTTE\">\r\n\r\n\t\t\t<div class=\"multiple-item-arrow\"><\/div>\r\n\r\n\t\t<\/div>\r\n\r\n\r\n\r\n\t\t<div class=\"col-sm-6 multiple-item-desc\">\r\n\r\n\t\t\t\r\n\r\n\t\t\t<div class=\"multiple-item-description\"><p>\u00c9quipement : plaques de cuisson au gaz, r\u00e9frig\u00e9rateur, vaisselle compl\u00e8te, cafeti\u00e8re \u00e0 filtres, micro-ondes, 1 chambre avec un lit double 140\u00d7200, 1 chambre avec lits superpos\u00e9s 90\u00d7200, couettes et oreillers (draps non fournis), \u00e9lectricit\u00e9<\/p>\n<\/div>\r\n\r\n\r\n\r\n\t\t\t\r\n\t\t\t<div class=\"multiple-item-surface\">\r\n\r\n\t\t\t\t<span class=\"lbl\">Surface&nbsp;:<\/span>&nbsp;\r\n\r\n\t\t\t\t<span class=\"val\">25 m\u00b2 avec terrasse et plancher bois&nbsp;m\u00b2<\/span>\r\n\r\n\t\t\t<\/div>\r\n\r\n\t\t\t\r\n\r\n\r\n\t\t<\/div>\r\n\r\n\r\n\r\n\t\t<div class=\"col-sm-12 multiple-item-foot\">\r\n\r\n\r\n\r\n\t\t\t<div class=\"multiple-item-tarifs\"><div class=\"table-responsive\">\r\n<table class=\"table fiche \">\r\n<thead>\r\n<tr>\r\n<th>Tarifs pour 5 pers.<\/th>\r\n<th>Avril<\/th>\r\n<th>Mai\/juin<\/th>\r\n<th>Juillet\/Ao\u00fbt<\/th>\r\n<th>Septembre<\/th>\r\n<\/tr>\r\n<\/thead>\r\n<tbody>\r\n<tr>\r\n<td>Nuit\u00e9e semaine<\/td>\r\n<td>50\u20ac<\/td>\r\n<td>50\u20ac<\/td>\r\n<td>63\u20ac<\/td>\r\n<td>50\u20ac<\/td>\r\n<\/tr>\r\n<tr>\r\n<td>Nuit\u00e9e week-end + Ascension<\/td>\r\n<td>55\u20ac<\/td>\r\n<td>55\u20ac<\/td>\r\n<td>66\u20ac<\/td>\r\n<td>55\u20ac<\/td>\r\n<\/tr>\r\n<tr>\r\n<td>Semaine<\/td>\r\n<td>300\u20ac<\/td>\r\n<td>300\u20ac<\/td>\r\n<td>400\u20ac<\/td>\r\n<td>300\u20ac<\/td>\r\n<\/tr>\r\n<tr>\r\n<td colspan=\"5\">Personne suppl. (ajout d\u2019une tente personnelle, max 2 pers.) : 10 \u20ac<\/td>\r\n<\/tr>\r\n<\/tbody>\r\n<\/table>\r\n<\/div><\/div>\r\n\r\n\t\t\t\r\n\r\n\t\t\t<div class=\"btn btn-plus\">\r\n\r\n\t\t\t\tEn savoir +\r\n\t\t\t<\/div>\r\n\r\n\r\n\r\n\t\t<\/div>\r\n\r\n\r\n\r\n\t<\/div>\r\n\r\n\t<\/a>\r\n\r\n\t<\/article>\r\n\r\n\r\n\r\n<\/div>\r\n\r\n\r\n\r\n\r\n\r\n\r\n\r\n\r\n\r\n<div class=\"col-md-12 col-lg-6\">\r\n\r\n\r\n\r\n\t<article class=\"multiple-item\">\r\n\r\n\t<a href=\"https:\/\/www.campingdeletangdupuy.com\/en\/hebergement\/tipi\/\">\r\n\r\n\t<div class=\"row\">\r\n\r\n\r\n\r\n\t\t<div class=\"col-sm-12 multiple-item-head\">\r\n\r\n\r\n\r\n\t\t\t<h2 class=\"multiple-item-titre\">TIPI<\/h2>\r\n\r\n\r\n\r\n\t\t\t\r\n\t\t\t\t<div class=\"multiple-item-nbpersonnes\">\r\n\r\n\t\t\t\t\t<span class=\"val\">1 \u00e0 4<\/span>&nbsp;\r\n\r\n\t\t\t\t\t<span class=\"lbl\">personnes<\/span>\r\n\r\n\t\t\t\t\t<img decoding=\"async\" src=\"https:\/\/www.campingdeletangdupuy.com\/wp-content\/themes\/etangpuy\/assets\/img\/nbpers.png\" alt=\"\">\r\n\r\n\t\t\t\t<\/div>\r\n\r\n\t\t\t\r\n\t\t\t\r\n\r\n\t\t\t\r\n\t\t\t\t\r\n\t\t\t\t<div class=\"multiple-item-nbchambres\">\r\n\r\n\t\t\t\t\t<span class=\"val\">1<\/span>&nbsp;\r\n\r\n\t\t\t\t\t<span class=\"lbl\">chambre<\/span>\r\n\r\n\t\t\t\t<\/div>\r\n\r\n\t\t\t\r\n\r\n\r\n\t\t<\/div>\r\n\r\n\t\t\r\n\r\n\t\t<div class=\"col-sm-6 multiple-item-photo\">\r\n\r\n\t\t\t<img decoding=\"async\" src=\"https:\/\/www.campingdeletangdupuy.com\/wp-content\/uploads\/2017\/02\/tipi3.jpg\" alt=\"TIPI\">\r\n\r\n\t\t\t<div class=\"multiple-item-arrow\"><\/div>\r\n\r\n\t\t<\/div>\r\n\r\n\r\n\r\n\t\t<div class=\"col-sm-6 multiple-item-desc\">\r\n\r\n\t\t\t\r\n\r\n\t\t\t<div class=\"multiple-item-description\"><p>Changez d\u2019\u00e9poque en dormant dans ce grand tipi install\u00e9 sur un plancher bois. Un r\u00eave d\u2019enfant devenu r\u00e9alit\u00e9 ! \u00c9quipement : Matelas mousse sur plancher bois (1 matelas double 140&#215;200 et 2 matelas simples 80&#215;190), couettes et oreillers (draps non fournis), lampe \u00e0 led, sans \u00e9lectricit\u00e9. Table ext\u00e9rieure de pique-nique.<\/p>\n<\/div>\r\n\r\n\r\n\r\n\t\t\t\r\n\t\t\t<div class=\"multiple-item-surface\">\r\n\r\n\t\t\t\t<span class=\"lbl\">Surface&nbsp;:<\/span>&nbsp;\r\n\r\n\t\t\t\t<span class=\"val\">16&nbsp;m\u00b2<\/span>\r\n\r\n\t\t\t<\/div>\r\n\r\n\t\t\t\r\n\r\n\r\n\t\t<\/div>\r\n\r\n\r\n\r\n\t\t<div class=\"col-sm-12 multiple-item-foot\">\r\n\r\n\r\n\r\n\t\t\t<div class=\"multiple-item-tarifs\"><div class=\"table-responsive\">\r\n<table class=\"table fiche \">\r\n<thead>\r\n<tr>\r\n<th>Tarifs pour 4 pers.<\/th>\r\n<th><\/th>\r\n<th>Avril \/ Mai\/juin \/ septembre<\/th>\r\n<th>Juillet\/Ao\u00fbt<\/th>\r\n<th><\/th>\r\n<\/tr>\r\n<\/thead>\r\n<tbody>\r\n<tr>\r\n<td>Nuit\u00e9e<\/td>\r\n<td><\/td>\r\n<td>45\u20ac<\/td>\r\n<td>55\u20ac<\/td>\r\n<td><\/td>\r\n<\/tr>\r\n<tr>\r\n<td colspan=\"5\">Personne suppl. (ajout d\u2019une tente personnelle, max 2 pers.) : 10 \u20ac<\/td>\r\n<\/tr>\r\n<\/tbody>\r\n<\/table>\r\n<\/div><\/div>\r\n\r\n\t\t\t\r\n\r\n\t\t\t<div class=\"btn btn-plus\">\r\n\r\n\t\t\t\tEn savoir +\r\n\t\t\t<\/div>\r\n\r\n\r\n\r\n\t\t<\/div>\r\n\r\n\r\n\r\n\t<\/div>\r\n\r\n\t<\/a>\r\n\r\n\t<\/article>\r\n\r\n\r\n\r\n<\/div>\r\n\r\n\r\n\r\n\r\n\r\n\r\n\r\n\r\n\r\n<div class=\"col-md-12 col-lg-6\">\r\n\r\n\r\n\r\n\t<article class=\"multiple-item\">\r\n\r\n\t<a href=\"https:\/\/www.campingdeletangdupuy.com\/en\/hebergement\/tente-fab\/\">\r\n\r\n\t<div class=\"row\">\r\n\r\n\r\n\r\n\t\t<div class=\"col-sm-12 multiple-item-head\">\r\n\r\n\r\n\r\n\t\t\t<h2 class=\"multiple-item-titre\">Tente FAB<\/h2>\r\n\r\n\r\n\r\n\t\t\t\r\n\t\t\t\t<div class=\"multiple-item-nbpersonnes\">\r\n\r\n\t\t\t\t\t<span class=\"val\">1 \u00e0 4<\/span>&nbsp;\r\n\r\n\t\t\t\t\t<span class=\"lbl\">personnes<\/span>\r\n\r\n\t\t\t\t\t<img decoding=\"async\" src=\"https:\/\/www.campingdeletangdupuy.com\/wp-content\/themes\/etangpuy\/assets\/img\/nbpers.png\" alt=\"\">\r\n\r\n\t\t\t\t<\/div>\r\n\r\n\t\t\t\r\n\t\t\t\r\n\r\n\t\t\t\r\n\t\t\t\t\r\n\t\t\t\t<div class=\"multiple-item-nbchambres\">\r\n\r\n\t\t\t\t\t<span class=\"val\">2<\/span>&nbsp;\r\n\r\n\t\t\t\t\t<span class=\"lbl\">chambres<\/span>\r\n\r\n\t\t\t\t<\/div>\r\n\r\n\t\t\t\r\n\r\n\r\n\t\t<\/div>\r\n\r\n\t\t\r\n\r\n\t\t<div class=\"col-sm-6 multiple-item-photo\">\r\n\r\n\t\t\t<img decoding=\"async\" src=\"https:\/\/www.campingdeletangdupuy.com\/wp-content\/uploads\/2022\/11\/IMG_20200725_155230-1024x593.jpg\" alt=\"Tente FAB\">\r\n\r\n\t\t\t<div class=\"multiple-item-arrow\"><\/div>\r\n\r\n\t\t<\/div>\r\n\r\n\r\n\r\n\t\t<div class=\"col-sm-6 multiple-item-desc\">\r\n\r\n\t\t\t\r\n\r\n\t\t\t<div class=\"multiple-item-description\"><p>Le camping sans la contrainte du montage de la tente, avec l\u2019\u00e9quipement de base pour vous \u00e9viter de tout transporter ! Tente gonflable D\u00e9cathlon mont\u00e9e, avec 2 chambres s\u00e9par\u00e9es. Matelas gonflables, table et chaises de camping, r\u00e9chaud gaz (fourni), petite vaisselle. \u00c9lectricit\u00e9 incluse. Duvets et oreillers non fournis.<\/p>\n<\/div>\r\n\r\n\r\n\r\n\t\t\t\r\n\r\n\r\n\t\t<\/div>\r\n\r\n\r\n\r\n\t\t<div class=\"col-sm-12 multiple-item-foot\">\r\n\r\n\r\n\r\n\t\t\t<div class=\"multiple-item-tarifs\"><div class=\"table-responsive\">\r\n<table class=\"table fiche \">\r\n<thead>\r\n<tr>\r\n<th>Tarifs pour 4 pers.<\/th>\r\n<th>Avril<\/th>\r\n<th>Mai\/juin<\/th>\r\n<th>Juillet\/Ao\u00fbt<\/th>\r\n<th>Septembre<\/th>\r\n<\/tr>\r\n<\/thead>\r\n<tbody>\r\n<tr>\r\n<td>Nuit\u00e9e<\/td>\r\n<td>-<\/td>\r\n<td>35\u20ac<\/td>\r\n<td>45\u20ac<\/td>\r\n<td>35\u20ac<\/td>\r\n<\/tr>\r\n<tr>\r\n<td>semaine (1 nuit offerte)<\/td>\r\n<td>-<\/td>\r\n<td>210\u20ac<\/td>\r\n<td>270\u20ac<\/td>\r\n<td>210\u20ac<\/td>\r\n<\/tr>\r\n<\/tbody>\r\n<\/table>\r\n<\/div><\/div>\r\n\r\n\t\t\t\r\n\r\n\t\t\t<div class=\"btn btn-plus\">\r\n\r\n\t\t\t\tEn savoir +\r\n\t\t\t<\/div>\r\n\r\n\r\n\r\n\t\t<\/div>\r\n\r\n\r\n\r\n\t<\/div>\r\n\r\n\t<\/a>\r\n\r\n\t<\/article>\r\n\r\n\r\n\r\n<\/div>\r\n\r\n\r\n\r\n\r\n\r\n\r\n\r\n\r\n\r\n<div class=\"col-md-12 col-lg-6\">\r\n\r\n\r\n\r\n\t<article class=\"multiple-item\">\r\n\r\n\t<a href=\"https:\/\/www.campingdeletangdupuy.com\/en\/hebergement\/tente-cocoon-2\/\">\r\n\r\n\t<div class=\"row\">\r\n\r\n\r\n\r\n\t\t<div class=\"col-sm-12 multiple-item-head\">\r\n\r\n\r\n\r\n\t\t\t<h2 class=\"multiple-item-titre\">Tente COCOON<\/h2>\r\n\r\n\r\n\r\n\t\t\t\r\n\t\t\t\t<div class=\"multiple-item-nbpersonnes\">\r\n\r\n\t\t\t\t\t<span class=\"val\">2<\/span>&nbsp;\r\n\r\n\t\t\t\t\t<span class=\"lbl\">personnes<\/span>\r\n\r\n\t\t\t\t\t<img decoding=\"async\" src=\"https:\/\/www.campingdeletangdupuy.com\/wp-content\/themes\/etangpuy\/assets\/img\/nbpers.png\" alt=\"\">\r\n\r\n\t\t\t\t<\/div>\r\n\r\n\t\t\t\r\n\t\t\t\r\n\r\n\t\t\t\r\n\t\t\t\t\r\n\t\t\t\t<div class=\"multiple-item-nbchambres\">\r\n\r\n\t\t\t\t\t<span class=\"val\">1<\/span>&nbsp;\r\n\r\n\t\t\t\t\t<span class=\"lbl\">chambre<\/span>\r\n\r\n\t\t\t\t<\/div>\r\n\r\n\t\t\t\r\n\r\n\r\n\t\t<\/div>\r\n\r\n\t\t\r\n\r\n\t\t<div class=\"col-sm-6 multiple-item-photo\">\r\n\r\n\t\t\t<img decoding=\"async\" src=\"https:\/\/www.campingdeletangdupuy.com\/wp-content\/uploads\/2025\/05\/20250517_164600-1024x461.jpg\" alt=\"Tente COCOON\">\r\n\r\n\t\t\t<div class=\"multiple-item-arrow\"><\/div>\r\n\r\n\t\t<\/div>\r\n\r\n\r\n\r\n\t\t<div class=\"col-sm-6 multiple-item-desc\">\r\n\r\n\t\t\t\r\n\r\n\t\t\t<div class=\"multiple-item-description\"><p>La tente Cocoon est un petit tipi cosy, id\u00e9ale pour 2 personnes. \u00c9quipement : Lit 2 places 140&#215;200, couette, oreillers, \u00e9lectricit\u00e9, lampe, table basse. Table ext\u00e9rieure de pique-nique. Draps non fournis<\/p>\n<\/div>\r\n\r\n\r\n\r\n\t\t\t\r\n\t\t\t<div class=\"multiple-item-surface\">\r\n\r\n\t\t\t\t<span class=\"lbl\">Surface&nbsp;:<\/span>&nbsp;\r\n\r\n\t\t\t\t<span class=\"val\">16&nbsp;m\u00b2<\/span>\r\n\r\n\t\t\t<\/div>\r\n\r\n\t\t\t\r\n\r\n\r\n\t\t<\/div>\r\n\r\n\r\n\r\n\t\t<div class=\"col-sm-12 multiple-item-foot\">\r\n\r\n\r\n\r\n\t\t\t<div class=\"multiple-item-tarifs\"><div class=\"table-responsive\">\r\n<table class=\"table fiche \" style=\"width: 70.1464%; height: 96px;\">\r\n<thead>\r\n<tr style=\"height: 48px;\">\r\n<th style=\"width: 39.8323%; height: 48px;\">Tarifs pour 2 pers.<\/th>\r\n<th style=\"width: 2.09644%; height: 48px;\">Avril<\/th>\r\n<th style=\"width: 15.9329%; height: 48px;\">Mai\/juin\/septembre<\/th>\r\n<th style=\"width: 21.8029%; height: 48px;\">Juillet\/Ao\u00fbt<\/th>\r\n<th style=\"width: 37.1069%; height: 48px;\"><\/th>\r\n<\/tr>\r\n<\/thead>\r\n<tbody>\r\n<tr style=\"height: 48px;\">\r\n<td style=\"width: 39.8323%; height: 48px;\">Nuit\u00e9e<\/td>\r\n<td style=\"width: 2.09644%; height: 48px;\">-<\/td>\r\n<td style=\"width: 15.9329%; height: 48px;\">40\u20ac<\/td>\r\n<td style=\"width: 21.8029%; height: 48px;\">45\u20ac<\/td>\r\n<td style=\"width: 37.1069%; height: 48px;\"><\/td>\r\n<\/tr>\r\n<\/tbody>\r\n<\/table>\r\n<\/div><\/div>\r\n\r\n\t\t\t\r\n\r\n\t\t\t<div class=\"btn btn-plus\">\r\n\r\n\t\t\t\tEn savoir +\r\n\t\t\t<\/div>\r\n\r\n\r\n\r\n\t\t<\/div>\r\n\r\n\r\n\r\n\t<\/div>\r\n\r\n\t<\/a>\r\n\r\n\t<\/article>\r\n\r\n\r\n\r\n<\/div>\r\n\r\n\r\n\r\n\r\n\r\n\r\n\r\n\r\n\r\n<div class=\"col-md-12 col-lg-6\">\r\n\r\n\r\n\r\n\t<article class=\"multiple-item\">\r\n\r\n\t<a href=\"https:\/\/www.campingdeletangdupuy.com\/en\/hebergement\/campetoile-2\/\">\r\n\r\n\t<div class=\"row\">\r\n\r\n\r\n\r\n\t\t<div class=\"col-sm-12 multiple-item-head\">\r\n\r\n\r\n\r\n\t\t\t<h2 class=\"multiple-item-titre\">CAMPETOILE<\/h2>\r\n\r\n\r\n\r\n\t\t\t\r\n\t\t\t\t<div class=\"multiple-item-nbpersonnes\">\r\n\r\n\t\t\t\t\t<span class=\"val\">2<\/span>&nbsp;\r\n\r\n\t\t\t\t\t<span class=\"lbl\">personnes<\/span>\r\n\r\n\t\t\t\t\t<img decoding=\"async\" src=\"https:\/\/www.campingdeletangdupuy.com\/wp-content\/themes\/etangpuy\/assets\/img\/nbpers.png\" alt=\"\">\r\n\r\n\t\t\t\t<\/div>\r\n\r\n\t\t\t\r\n\t\t\t\r\n\r\n\t\t\t\r\n\r\n\r\n\t\t<\/div>\r\n\r\n\t\t\r\n\r\n\t\t<div class=\"col-sm-6 multiple-item-photo\">\r\n\r\n\t\t\t<img decoding=\"async\" src=\"https:\/\/www.campingdeletangdupuy.com\/wp-content\/uploads\/2017\/02\/campetoile-2.jpg\" alt=\"CAMPETOILE\">\r\n\r\n\t\t\t<div class=\"multiple-item-arrow\"><\/div>\r\n\r\n\t\t<\/div>\r\n\r\n\r\n\r\n\t\t<div class=\"col-sm-6 multiple-item-desc\">\r\n\r\n\t\t\t\r\n\r\n\t\t\t<div class=\"multiple-item-description\"><p>Simple, ludique, proche de la nature, le camp\u00e9toile est une petite cabane sur pilotis constitu\u00e9 d&rsquo;un sol en toile style catamaran avec en plus un matelas 2 personnes. Les fen\u00eatres du plafond permettent de regarder les \u00e9toiles et des rideaux occultants emp\u00eachent la lumi\u00e8re d&rsquo;entrer le matin. Un vrai petit nid douillet ! Sous l\u2019espace [&hellip;]<\/p>\n<\/div>\r\n\r\n\r\n\r\n\t\t\t\r\n\r\n\r\n\t\t<\/div>\r\n\r\n\r\n\r\n\t\t<div class=\"col-sm-12 multiple-item-foot\">\r\n\r\n\r\n\r\n\t\t\t<div class=\"multiple-item-tarifs\"><div class=\"table-responsive\">\r\n<table class=\"table fiche \">\r\n<thead>\r\n<tr style=\"height: 24px;\">\r\n<th style=\"height: 24px;\">Tarifs pour 2 pers.<\/th>\r\n<th style=\"height: 24px;\">Avril<\/th>\r\n<th style=\"height: 24px;\">Mai\/juin<\/th>\r\n<th style=\"height: 24px;\">Juillet\/Ao\u00fbt<\/th>\r\n<th style=\"height: 24px;\">Septembre<\/th>\r\n<\/tr>\r\n<\/thead>\r\n<tbody>\r\n<tr style=\"height: 24px;\">\r\n<td style=\"height: 24px;\">Nuit\u00e9e<\/td>\r\n<td style=\"height: 24px;\">36\u20ac<\/td>\r\n<td style=\"height: 24px;\">36\u20ac<\/td>\r\n<td style=\"height: 24px;\">36\u20ac<\/td>\r\n<td style=\"height: 24px;\">36\u20ac<\/td>\r\n<\/tr>\r\n<tr style=\"height: 24px;\">\r\n<td style=\"height: 24px;\" colspan=\"5\">Avec \u00e9lectricit\u00e9<\/td>\r\n<\/tr>\r\n<\/tbody>\r\n<\/table>\r\n<\/div><\/div>\r\n\r\n\t\t\t\r\n\r\n\t\t\t<div class=\"btn btn-plus\">\r\n\r\n\t\t\t\tEn savoir +\r\n\t\t\t<\/div>\r\n\r\n\r\n\r\n\t\t<\/div>\r\n\r\n\r\n\r\n\t<\/div>\r\n\r\n\t<\/a>\r\n\r\n\t<\/article>\r\n\r\n\r\n\r\n<\/div>\r\n\r\n\r\n\r\n\r\n\r\n\r\n\r\n\r\n\r\n<div class=\"col-md-12 col-lg-6\">\r\n\r\n\r\n\r\n\t<article class=\"multiple-item\">\r\n\r\n\t<a href=\"https:\/\/www.campingdeletangdupuy.com\/en\/hebergement\/barrel\/\">\r\n\r\n\t<div class=\"row\">\r\n\r\n\r\n\r\n\t\t<div class=\"col-sm-12 multiple-item-head\">\r\n\r\n\r\n\r\n\t\t\t<h2 class=\"multiple-item-titre\">BARREL<\/h2>\r\n\r\n\r\n\r\n\t\t\t\r\n\t\t\t\t<div class=\"multiple-item-nbpersonnes\">\r\n\r\n\t\t\t\t\t<span class=\"val\">2<\/span>&nbsp;\r\n\r\n\t\t\t\t\t<span class=\"lbl\">personnes<\/span>\r\n\r\n\t\t\t\t\t<img decoding=\"async\" src=\"https:\/\/www.campingdeletangdupuy.com\/wp-content\/themes\/etangpuy\/assets\/img\/nbpers.png\" alt=\"\">\r\n\r\n\t\t\t\t<\/div>\r\n\r\n\t\t\t\r\n\t\t\t\r\n\r\n\t\t\t\r\n\t\t\t\t\r\n\t\t\t\t<div class=\"multiple-item-nbchambres\">\r\n\r\n\t\t\t\t\t<span class=\"val\">1<\/span>&nbsp;\r\n\r\n\t\t\t\t\t<span class=\"lbl\">chambre<\/span>\r\n\r\n\t\t\t\t<\/div>\r\n\r\n\t\t\t\r\n\r\n\r\n\t\t<\/div>\r\n\r\n\t\t\r\n\r\n\t\t<div class=\"col-sm-6 multiple-item-photo\">\r\n\r\n\t\t\t<img decoding=\"async\" src=\"https:\/\/www.campingdeletangdupuy.com\/wp-content\/uploads\/2019\/08\/IMG_20190501_114750-768x1024.jpg\" alt=\"BARREL\">\r\n\r\n\t\t\t<div class=\"multiple-item-arrow\"><\/div>\r\n\r\n\t\t<\/div>\r\n\r\n\r\n\r\n\t\t<div class=\"col-sm-6 multiple-item-desc\">\r\n\r\n\t\t\t\r\n\r\n\t\t\t<div class=\"multiple-item-description\"><p>Et pourquoi pas dormir dans un tonneau? Une petite cabane tout en rondeur avec une chambre au fond et un petit salon avec vue sur notre \u00e9tang. Rien de tel pour passer une d\u00e9licieuse nuit&#8230; \u00c9quipement : 1 chambre avec un lit double 140\u00d7200, couettes et oreillers fournis (draps non fournis), \u00e9lectricit\u00e9.<\/p>\n<\/div>\r\n\r\n\r\n\r\n\t\t\t\r\n\t\t\t<div class=\"multiple-item-surface\">\r\n\r\n\t\t\t\t<span class=\"lbl\">Surface&nbsp;:<\/span>&nbsp;\r\n\r\n\t\t\t\t<span class=\"val\">15&nbsp;m\u00b2<\/span>\r\n\r\n\t\t\t<\/div>\r\n\r\n\t\t\t\r\n\r\n\r\n\t\t<\/div>\r\n\r\n\r\n\r\n\t\t<div class=\"col-sm-12 multiple-item-foot\">\r\n\r\n\r\n\r\n\t\t\t<div class=\"multiple-item-tarifs\"><div class=\"table-responsive\">\r\n<table class=\"table fiche \">\r\n<thead>\r\n<tr>\r\n<th>Tarifs pour 2 pers.<\/th>\r\n<th>Avril<\/th>\r\n<th>Mai\/juin<\/th>\r\n<th>Juillet\/Ao\u00fbt<\/th>\r\n<th>Septembre<\/th>\r\n<\/tr>\r\n<\/thead>\r\n<tbody>\r\n<tr>\r\n<td>Nuit\u00e9e<\/td>\r\n<td>65\u20ac<\/td>\r\n<td>65\u20ac<\/td>\r\n<td>65\u20ac<\/td>\r\n<td>65\u20ac<\/td>\r\n<\/tr>\r\n<tr>\r\n<td colspan=\"5\"><\/td>\r\n<\/tr>\r\n<\/tbody>\r\n<\/table>\r\n<\/div><\/div>\r\n\r\n\t\t\t\r\n\r\n\t\t\t<div class=\"btn btn-plus\">\r\n\r\n\t\t\t\tEn savoir +\r\n\t\t\t<\/div>\r\n\r\n\r\n\r\n\t\t<\/div>\r\n\r\n\r\n\r\n\t<\/div>\r\n\r\n\t<\/a>\r\n\r\n\t<\/article>\r\n\r\n\r\n\r\n<\/div>\r\n\r\n\r\n\r\n<\/div>\n","protected":false},"excerpt":{"rendered":"<p>Venez d\u00e9couvrir nos h\u00e9bergements atypiques \u00e0 quelques kilom\u00e8tres du non moins insolite parc du Puy du Fou ! Pour la plupart de nos h\u00e9bergements (sauf barrel, camp\u00e9toile et Fab) : possibilit\u00e9 d\u2019installer une tente (max. 2 pers.) \u00e0 c\u00f4t\u00e9 de votre locatif (10 \u20ac par personne suppl\u00e9mentaire) Il n\u2019est pas possible d\u2019arriver le matin. Si [&hellip;]<\/p>\n","protected":false},"author":1,"featured_media":0,"parent":0,"menu_order":0,"comment_status":"closed","ping_status":"closed","template":"","meta":{"footnotes":""},"class_list":["post-14","page","type-page","status-publish","hentry"],"yoast_head":"<!-- This site is optimized with the Yoast SEO plugin v27.5 - https:\/\/yoast.com\/product\/yoast-seo-wordpress\/ -->\n<title>Camping avec h\u00e9bergements atypiques en Vend\u00e9e \u00e0 5 km du Puy du Fou<\/title>\n<meta name=\"description\" content=\"Le camping l&#039;Etang du Puy propose des h\u00e9bergements atypiques \u00e0 5 km du Puy du Fou en Vend\u00e9e location en tente victoria cabanon maldives cocoon et tipis.\" \/>\n<meta name=\"robots\" content=\"index, follow, max-snippet:-1, max-image-preview:large, max-video-preview:-1\" \/>\n<link rel=\"canonical\" href=\"https:\/\/www.campingdeletangdupuy.com\/en\/accommodation\/\" \/>\n<meta property=\"og:locale\" content=\"en_GB\" \/>\n<meta property=\"og:type\" content=\"article\" \/>\n<meta property=\"og:title\" content=\"Camping avec h\u00e9bergements atypiques en Vend\u00e9e \u00e0 5 km du Puy du Fou\" \/>\n<meta property=\"og:description\" content=\"Le camping l&#039;Etang du Puy propose des h\u00e9bergements atypiques \u00e0 5 km du Puy du Fou en Vend\u00e9e location en tente victoria cabanon maldives cocoon et tipis.\" \/>\n<meta property=\"og:url\" content=\"https:\/\/www.campingdeletangdupuy.com\/en\/accommodation\/\" \/>\n<meta property=\"og:site_name\" content=\"Camping Puy du Fou Vend\u00e9e\" \/>\n<meta property=\"article:publisher\" content=\"http:\/\/www.facebook.com\/pages\/Camping-de-l%c3%a9tang-du-Puy\/104488892969789\" \/>\n<meta property=\"article:modified_time\" content=\"2022-11-12T10:16:48+00:00\" \/>\n<meta name=\"twitter:card\" content=\"summary_large_image\" \/>\n<meta name=\"twitter:label1\" content=\"Estimated reading time\" \/>\n\t<meta name=\"twitter:data1\" content=\"1 minute\" \/>\n<script type=\"application\/ld+json\" class=\"yoast-schema-graph\">{\"@context\":\"https:\\\/\\\/schema.org\",\"@graph\":[{\"@type\":\"WebPage\",\"@id\":\"https:\\\/\\\/www.campingdeletangdupuy.com\\\/hebergements\\\/\",\"url\":\"https:\\\/\\\/www.campingdeletangdupuy.com\\\/hebergements\\\/\",\"name\":\"Camping avec h\u00e9bergements atypiques en Vend\u00e9e \u00e0 5 km du Puy du Fou\",\"isPartOf\":{\"@id\":\"https:\\\/\\\/www.campingdeletangdupuy.com\\\/#website\"},\"datePublished\":\"2017-02-08T13:41:00+00:00\",\"dateModified\":\"2022-11-12T10:16:48+00:00\",\"description\":\"Le camping l'Etang du Puy propose des h\u00e9bergements atypiques \u00e0 5 km du Puy du Fou en Vend\u00e9e location en tente victoria cabanon maldives cocoon et tipis.\",\"breadcrumb\":{\"@id\":\"https:\\\/\\\/www.campingdeletangdupuy.com\\\/hebergements\\\/#breadcrumb\"},\"inLanguage\":\"en-GB\",\"potentialAction\":[{\"@type\":\"ReadAction\",\"target\":[\"https:\\\/\\\/www.campingdeletangdupuy.com\\\/hebergements\\\/\"]}]},{\"@type\":\"BreadcrumbList\",\"@id\":\"https:\\\/\\\/www.campingdeletangdupuy.com\\\/hebergements\\\/#breadcrumb\",\"itemListElement\":[{\"@type\":\"ListItem\",\"position\":1,\"name\":\"Accueil\",\"item\":\"https:\\\/\\\/www.campingdeletangdupuy.com\\\/\"},{\"@type\":\"ListItem\",\"position\":2,\"name\":\"H\u00e9bergements\"}]},{\"@type\":\"WebSite\",\"@id\":\"https:\\\/\\\/www.campingdeletangdupuy.com\\\/#website\",\"url\":\"https:\\\/\\\/www.campingdeletangdupuy.com\\\/\",\"name\":\"Camping Puy du Fou Vend\u00e9e\",\"description\":\"\",\"publisher\":{\"@id\":\"https:\\\/\\\/www.campingdeletangdupuy.com\\\/#organization\"},\"potentialAction\":[{\"@type\":\"SearchAction\",\"target\":{\"@type\":\"EntryPoint\",\"urlTemplate\":\"https:\\\/\\\/www.campingdeletangdupuy.com\\\/?s={search_term_string}\"},\"query-input\":{\"@type\":\"PropertyValueSpecification\",\"valueRequired\":true,\"valueName\":\"search_term_string\"}}],\"inLanguage\":\"en-GB\"},{\"@type\":\"Organization\",\"@id\":\"https:\\\/\\\/www.campingdeletangdupuy.com\\\/#organization\",\"name\":\"Campind l'\u00c9tang du Puy\",\"url\":\"https:\\\/\\\/www.campingdeletangdupuy.com\\\/\",\"logo\":{\"@type\":\"ImageObject\",\"inLanguage\":\"en-GB\",\"@id\":\"https:\\\/\\\/www.campingdeletangdupuy.com\\\/#\\\/schema\\\/logo\\\/image\\\/\",\"url\":\"https:\\\/\\\/www.campingdeletangdupuy.com\\\/wp-content\\\/uploads\\\/2017\\\/02\\\/logo.png\",\"contentUrl\":\"https:\\\/\\\/www.campingdeletangdupuy.com\\\/wp-content\\\/uploads\\\/2017\\\/02\\\/logo.png\",\"width\":340,\"height\":143,\"caption\":\"Campind l'\u00c9tang du Puy\"},\"image\":{\"@id\":\"https:\\\/\\\/www.campingdeletangdupuy.com\\\/#\\\/schema\\\/logo\\\/image\\\/\"},\"sameAs\":[\"http:\\\/\\\/www.facebook.com\\\/pages\\\/Camping-de-l\u00e9tang-du-Puy\\\/104488892969789\"]}]}<\/script>\n<!-- \/ Yoast SEO plugin. -->","yoast_head_json":{"title":"Campsite with unusual accommodation in the Vend\u00e9e, 5 km from Puy du Fou","description":"The Etang du Puy campsite offers atypical accommodation 5 km from the Puy du Fou in the Vend\u00e9e, including victoria tents, cocoon maldives cabins and tipis.","robots":{"index":"index","follow":"follow","max-snippet":"max-snippet:-1","max-image-preview":"max-image-preview:large","max-video-preview":"max-video-preview:-1"},"canonical":"https:\/\/www.campingdeletangdupuy.com\/en\/accommodation\/","og_locale":"en_GB","og_type":"article","og_title":"Camping avec h\u00e9bergements atypiques en Vend\u00e9e \u00e0 5 km du Puy du Fou","og_description":"Le camping l'Etang du Puy propose des h\u00e9bergements atypiques \u00e0 5 km du Puy du Fou en Vend\u00e9e location en tente victoria cabanon maldives cocoon et tipis.","og_url":"https:\/\/www.campingdeletangdupuy.com\/en\/accommodation\/","og_site_name":"Camping Puy du Fou Vend\u00e9e","article_publisher":"http:\/\/www.facebook.com\/pages\/Camping-de-l%c3%a9tang-du-Puy\/104488892969789","article_modified_time":"2022-11-12T10:16:48+00:00","twitter_card":"summary_large_image","twitter_misc":{"Estimated reading time":"1 minute"},"schema":{"@context":"https:\/\/schema.org","@graph":[{"@type":"WebPage","@id":"https:\/\/www.campingdeletangdupuy.com\/hebergements\/","url":"https:\/\/www.campingdeletangdupuy.com\/hebergements\/","name":"Campsite with unusual accommodation in the Vend\u00e9e, 5 km from Puy du Fou","isPartOf":{"@id":"https:\/\/www.campingdeletangdupuy.com\/#website"},"datePublished":"2017-02-08T13:41:00+00:00","dateModified":"2022-11-12T10:16:48+00:00","description":"The Etang du Puy campsite offers atypical accommodation 5 km from the Puy du Fou in the Vend\u00e9e, including victoria tents, cocoon maldives cabins and tipis.","breadcrumb":{"@id":"https:\/\/www.campingdeletangdupuy.com\/hebergements\/#breadcrumb"},"inLanguage":"en-GB","potentialAction":[{"@type":"ReadAction","target":["https:\/\/www.campingdeletangdupuy.com\/hebergements\/"]}]},{"@type":"BreadcrumbList","@id":"https:\/\/www.campingdeletangdupuy.com\/hebergements\/#breadcrumb","itemListElement":[{"@type":"ListItem","position":1,"name":"Accueil","item":"https:\/\/www.campingdeletangdupuy.com\/"},{"@type":"ListItem","position":2,"name":"H\u00e9bergements"}]},{"@type":"WebSite","@id":"https:\/\/www.campingdeletangdupuy.com\/#website","url":"https:\/\/www.campingdeletangdupuy.com\/","name":"Campsite Puy du Fou Vend\u00e9e","description":"","publisher":{"@id":"https:\/\/www.campingdeletangdupuy.com\/#organization"},"potentialAction":[{"@type":"SearchAction","target":{"@type":"EntryPoint","urlTemplate":"https:\/\/www.campingdeletangdupuy.com\/?s={search_term_string}"},"query-input":{"@type":"PropertyValueSpecification","valueRequired":true,"valueName":"search_term_string"}}],"inLanguage":"en-GB"},{"@type":"Organization","@id":"https:\/\/www.campingdeletangdupuy.com\/#organization","name":"Campind l'\u00c9tang du Puy","url":"https:\/\/www.campingdeletangdupuy.com\/","logo":{"@type":"ImageObject","inLanguage":"en-GB","@id":"https:\/\/www.campingdeletangdupuy.com\/#\/schema\/logo\/image\/","url":"https:\/\/www.campingdeletangdupuy.com\/wp-content\/uploads\/2017\/02\/logo.png","contentUrl":"https:\/\/www.campingdeletangdupuy.com\/wp-content\/uploads\/2017\/02\/logo.png","width":340,"height":143,"caption":"Campind l'\u00c9tang du Puy"},"image":{"@id":"https:\/\/www.campingdeletangdupuy.com\/#\/schema\/logo\/image\/"},"sameAs":["http:\/\/www.facebook.com\/pages\/Camping-de-l\u00e9tang-du-Puy\/104488892969789"]}]}},"_links":{"self":[{"href":"https:\/\/www.campingdeletangdupuy.com\/en\/wp-json\/wp\/v2\/pages\/14","targetHints":{"allow":["GET"]}}],"collection":[{"href":"https:\/\/www.campingdeletangdupuy.com\/en\/wp-json\/wp\/v2\/pages"}],"about":[{"href":"https:\/\/www.campingdeletangdupuy.com\/en\/wp-json\/wp\/v2\/types\/page"}],"author":[{"embeddable":true,"href":"https:\/\/www.campingdeletangdupuy.com\/en\/wp-json\/wp\/v2\/users\/1"}],"replies":[{"embeddable":true,"href":"https:\/\/www.campingdeletangdupuy.com\/en\/wp-json\/wp\/v2\/comments?post=14"}],"version-history":[{"count":18,"href":"https:\/\/www.campingdeletangdupuy.com\/en\/wp-json\/wp\/v2\/pages\/14\/revisions"}],"predecessor-version":[{"id":3220,"href":"https:\/\/www.campingdeletangdupuy.com\/en\/wp-json\/wp\/v2\/pages\/14\/revisions\/3220"}],"wp:attachment":[{"href":"https:\/\/www.campingdeletangdupuy.com\/en\/wp-json\/wp\/v2\/media?parent=14"}],"curies":[{"name":"wp","href":"https:\/\/api.w.org\/{rel}","templated":true}]}}